{"id":8193,"date":"2026-04-28T16:45:44","date_gmt":"2026-04-28T14:45:44","guid":{"rendered":"https:\/\/schwerereiter.de\/?post_type=tribe_events&#038;p=8193"},"modified":"2026-04-28T16:45:44","modified_gmt":"2026-04-28T14:45:44","slug":"go-drag-munich-2026-holey-father-praesentiert-on-our-wavelenght","status":"publish","type":"tribe_events","link":"https:\/\/schwerereiter.de\/?tribe_events=go-drag-munich-2026-holey-father-praesentiert-on-our-wavelenght","title":{"rendered":"go drag! munich 2026 | Holey Father pr\u00e4sentiert: On Our Wavelenght"},"content":{"rendered":"<p>[et_pb_section fb_built=&#8220;1&#8243; _builder_version=&#8220;4.27.4&#8243; _module_preset=&#8220;default&#8220; background_color=&#8220;gcid-3be8d3fa-8b11-41b4-b614-e601c43d7597&#8243; custom_margin=&#8220;||-30px||false|false&#8220; global_colors_info=&#8220;{%22gcid-3be8d3fa-8b11-41b4-b614-e601c43d7597%22:%91%22background_color%22%93}&#8220;][et_pb_row column_structure=&#8220;1_2,1_2&#8243; _builder_version=&#8220;4.27.4&#8243; _module_preset=&#8220;default&#8220; background_color=&#8220;#FFFFFF&#8220; custom_margin=&#8220;||0px||false|false&#8220; custom_padding=&#8220;20px|15px|20px|15px|false|false&#8220; box_shadow_style=&#8220;preset2&#8243; global_colors_info=&#8220;{}&#8220;][et_pb_column type=&#8220;1_2&#8243; _builder_version=&#8220;4.27.4&#8243; _module_preset=&#8220;default&#8220; global_colors_info=&#8220;{}&#8220;][et_pb_heading title=&#8220;DO 11.06. | 21:00 | theater&#8220; _builder_version=&#8220;4.27.5&#8243; _module_preset=&#8220;default&#8220; title_font=&#8220;Bebas Neue||||||||&#8220; title_text_align=&#8220;left&#8220; title_font_size=&#8220;19px&#8220; custom_margin=&#8220;||24px||false|false&#8220; global_colors_info=&#8220;{}&#8220;][\/et_pb_heading][et_pb_heading title=&#8220;HOLEY FATHER PR\u00c4SENTIERT&#8220; _builder_version=&#8220;4.27.5&#8243; _module_preset=&#8220;default&#8220; title_font=&#8220;Bebas Neue||||||||&#8220; title_font_size=&#8220;38px&#8220; custom_margin=&#8220;0px||||false|false&#8220; title_font_size_tablet=&#8220;38px&#8220; title_font_size_phone=&#8220;29px&#8220; title_font_size_last_edited=&#8220;on|phone&#8220; global_colors_info=&#8220;{}&#8220;][\/et_pb_heading][et_pb_heading title=&#8220;ON OUR WAVELENGTH&#8220; _builder_version=&#8220;4.27.5&#8243; _module_preset=&#8220;default&#8220; title_font=&#8220;Bebas Neue|||on|||||&#8220; title_text_color=&#8220;#000000&#8243; title_font_size=&#8220;90px&#8220; width=&#8220;100%&#8220; max_width=&#8220;100%&#8220; custom_margin=&#8220;-23px||||false|false&#8220; custom_padding=&#8220;||0px||false|false&#8220; title_text_color_tablet=&#8220;&#8220; title_text_color_phone=&#8220;&#8220; title_text_color_last_edited=&#8220;on|phone&#8220; title_font_size_tablet=&#8220;&#8220; title_font_size_phone=&#8220;48px&#8220; title_font_size_last_edited=&#8220;on|phone&#8220; global_colors_info=&#8220;{}&#8220;][\/et_pb_heading][et_pb_text _builder_version=&#8220;4.27.5&#8243; _module_preset=&#8220;default&#8220; text_font=&#8220;IBM Plex Sans Thai|||||on|||&#8220; text_font_size=&#8220;21px&#8220; header_font=&#8220;Bebas Neue|||||on|||&#8220; header_4_font=&#8220;Bebas Neue|||||on|||&#8220; custom_margin=&#8220;-30px||||false|false&#8220; custom_padding=&#8220;0px||0px||false|false&#8220; text_font_size_tablet=&#8220;19px&#8220; text_font_size_phone=&#8220;15px&#8220; text_font_size_last_edited=&#8220;on|phone&#8220; global_colors_info=&#8220;{}&#8220;]<\/p>\n<p>BIPOC Cabaret-Show in englischer Sprache &#8211; im Anschluss Party!!<\/p>\n<p>[\/et_pb_text][\/et_pb_column][et_pb_column type=&#8220;1_2&#8243; _builder_version=&#8220;4.27.4&#8243; _module_preset=&#8220;default&#8220; global_colors_info=&#8220;{}&#8220;][et_pb_button button_url=&#8220;https:\/\/rausgegangen.de\/events\/holey-father-prasentiert-on-our-wavelength-1\/&#8220; url_new_window=&#8220;on&#8220; button_text=&#8220;Tickets kaufen&#8220; button_alignment=&#8220;right&#8220; _builder_version=&#8220;4.27.6&#8243; _module_preset=&#8220;default&#8220; custom_button=&#8220;on&#8220; button_text_size=&#8220;20px&#8220; button_text_color=&#8220;#222222&#8243; button_border_width=&#8220;9px&#8220; button_border_color=&#8220;#EDF000&#8243; button_border_radius=&#8220;11px&#8220; button_letter_spacing=&#8220;0px&#8220; button_font=&#8220;Bebas Neue|||on|||||&#8220; custom_margin=&#8220;0px|0px|||false|false&#8220; custom_margin_tablet=&#8220;-15px||||false|false&#8220; custom_margin_phone=&#8220;-15px||19px||false|false&#8220; custom_margin_last_edited=&#8220;off|desktop&#8220; custom_padding=&#8220;12px|24px|12px|24px|false|false&#8220; hover_enabled=&#8220;0&#8243; button_text_size_tablet=&#8220;20px&#8220; button_text_size_phone=&#8220;16px&#8220; button_text_size_last_edited=&#8220;on|phone&#8220; box_shadow_style=&#8220;preset3&#8243; global_colors_info=&#8220;{}&#8220; sticky_enabled=&#8220;0&#8243;][\/et_pb_button][et_pb_toggle title=&#8220;Ticketpreise anzeigen&#8220; _builder_version=&#8220;4.27.6&#8243; _module_preset=&#8220;4b8142c2-b661-4d49-a752-dd41b64f2d3e&#8220; body_font_size=&#8220;11px&#8220; max_width=&#8220;49%&#8220; max_width_phone=&#8220;53%&#8220; custom_margin=&#8220;-10px|0px||-40px|false|false&#8220; closed_title_font_size_tablet=&#8220;&#8220; closed_title_font_size_phone=&#8220;12px&#8220; closed_title_font_size_last_edited=&#8220;on|phone&#8220; body_font_size_tablet=&#8220;&#8220; body_font_size_phone=&#8220;&#8220; body_font_size_last_edited=&#8220;on|phone&#8220; global_colors_info=&#8220;{%22gcid-heading-color%22:%91%22open_icon_color%22%93}&#8220;]<\/p>\n<p><strong>Tickets:<\/strong> 30 \u20ac \/ 20 \u20ac \/ 12 \u20ac \/ 5 \u20ac<\/p>\n<hr \/>\n<p><strong>Wer erh\u00e4lt Erm\u00e4\u00dfigungen?<\/strong> Sch\u00fcler*innen, Student*innen, Senior*innen ab 67, Erwerbslose und in Ausnahmef\u00e4llen auch Gruppen. F\u00fcr Letzteres wenden Sie sich bitte an die jeweilige Sparte: <a href=\"mailto:cbg@scope-muenchen.de\">cbg@scope-muenchen.de<\/a> (Musik) <a href=\"mailto:kommunikation@tanztendenz.de\">kommunikation@tanztendenz.de<\/a> (Tanz) <a href=\"mailto:ticket@pathos.theater\">ticket@pathos.theater<\/a> (Theater)<\/p>\n<p><strong>Klimafolgekosten-Ticket<\/strong>: optional 2 \u20ac Aufschlag pro Ticket in allen Preiskategorien. <a href=\"https:\/\/www.pathos.theater\/Nachhaltigkeit.php\">HIER<\/a>\u00a0gibt es mehr Informationen.<\/p>\n<p>[\/et_pb_toggle][\/et_pb_column][\/et_pb_row][et_pb_row column_structure=&#8220;1_2,1_2&#8243; _builder_version=&#8220;4.27.4&#8243; _module_preset=&#8220;default&#8220; background_color=&#8220;#FFFFFF&#8220; custom_margin=&#8220;20px|auto|9px|auto|false|false&#8220; global_colors_info=&#8220;{}&#8220;][et_pb_column type=&#8220;1_2&#8243; _builder_version=&#8220;4.27.4&#8243; _module_preset=&#8220;default&#8220; global_colors_info=&#8220;{}&#8220;][et_pb_image src=&#8220;https:\/\/schwerereiter.de\/wp-content\/uploads\/2026\/04\/Angel-Spiders_byNaomi_He-Ji-scaled.jpg&#8220; title_text=&#8220;Angel Spiders_byNaomi_He-Ji&#8220; _builder_version=&#8220;4.27.6&#8243; _module_preset=&#8220;default&#8220; custom_padding=&#8220;|5px||5px|false|false&#8220; global_colors_info=&#8220;{}&#8220;][\/et_pb_image][et_pb_text _builder_version=&#8220;4.27.6&#8243; _module_preset=&#8220;default&#8220; text_font_size=&#8220;12px&#8220; background_color=&#8220;#FFFFFF&#8220; custom_margin=&#8220;-20px||||false|false&#8220; custom_padding=&#8220;|5px|||false|false&#8220; global_colors_info=&#8220;{}&#8220;]<\/p>\n<div class=\"mtext\">\n<p class=\"grauerText\" style=\"text-align: right;\">\u00a0 \u00a0 \u00a0 \u00a0 \u00a0 \u00a0 \u00a0 \u00a0\u00a9 Foto<span>: Naomi He-Ji<\/span><\/p>\n<\/div>\n<p>[\/et_pb_text][\/et_pb_column][et_pb_column type=&#8220;1_2&#8243; _builder_version=&#8220;4.27.4&#8243; _module_preset=&#8220;default&#8220; global_colors_info=&#8220;{}&#8220;][et_pb_image src=&#8220;https:\/\/schwerereiter.de\/wp-content\/uploads\/2026\/04\/Jamal-Le-Coq_PeterVroemen-scaled.jpg&#8220; title_text=&#8220;2023_Peter_Vroemen_&#8220; _builder_version=&#8220;4.27.6&#8243; _module_preset=&#8220;default&#8220; global_colors_info=&#8220;{}&#8220;][\/et_pb_image][et_pb_text _builder_version=&#8220;4.27.6&#8243; _module_preset=&#8220;default&#8220; text_font_size=&#8220;12px&#8220; background_color=&#8220;#FFFFFF&#8220; custom_margin=&#8220;-20px||||false|false&#8220; custom_padding=&#8220;|5px|||false|false&#8220; global_colors_info=&#8220;{}&#8220;]<\/p>\n<div class=\"mtext\">\n<p class=\"grauerText\" style=\"text-align: right;\">\u00a0 \u00a0 \u00a0 \u00a0 \u00a0 \u00a0 \u00a0 \u00a0\u00a9 Foto<span>: Peter Vroemen<\/span><\/p>\n<\/div>\n<p>[\/et_pb_text][\/et_pb_column][\/et_pb_row][\/et_pb_section][et_pb_section fb_built=&#8220;1&#8243; _builder_version=&#8220;4.27.4&#8243; _module_preset=&#8220;default&#8220; background_color=&#8220;gcid-3be8d3fa-8b11-41b4-b614-e601c43d7597&#8243; global_colors_info=&#8220;{%22gcid-3be8d3fa-8b11-41b4-b614-e601c43d7597%22:%91%22background_color%22%93}&#8220;][et_pb_row _builder_version=&#8220;4.27.4&#8243; _module_preset=&#8220;default&#8220; background_color=&#8220;#FFFFFF&#8220; custom_margin=&#8220;-40px|auto|42px|auto|false|false&#8220; custom_padding=&#8220;|5px||5px|false|false&#8220; box_shadow_style=&#8220;preset2&#8243; global_colors_info=&#8220;{}&#8220;][et_pb_column type=&#8220;4_4&#8243; _builder_version=&#8220;4.27.4&#8243; _module_preset=&#8220;default&#8220; global_colors_info=&#8220;{}&#8220;][et_pb_text _builder_version=&#8220;4.27.5&#8243; _module_preset=&#8220;default&#8220; text_text_color=&#8220;#222222&#8243; text_font_size=&#8220;17px&#8220; text_orientation=&#8220;justified&#8220; custom_padding=&#8220;|5px||5px|false|false&#8220; text_font_size_tablet=&#8220;17px&#8220; text_font_size_phone=&#8220;15px&#8220; text_font_size_last_edited=&#8220;on|phone&#8220; global_colors_info=&#8220;{}&#8220;]<\/p>\n<p><em>go drag! munich<\/em><span>\u00a0zelebriert Drag-Kunst von weiblichen, trans* und nichtbin\u00e4ren K\u00fcnstler*innen und findet auch in diesem Jahr wieder am PATHOS theater, schwere reiter, Gasteig HP8, im NS Dokuzentrum und an weiteren Orten in M\u00fcnchen statt.<\/span><\/p>\n<p><span>Das erste\u00a0<\/span><em>go drag!<\/em><span>\u00a0Festival wurde 2002 von der New Yorker Drag King-Pionierin Diane Torr und der Berliner Genderperformance-Legende Bridge Markland in Berlin veranstaltet. 20 Jahre sp\u00e4ter fand dort auch die zweite Ausgabe statt, leider ohne die inzwischen verstorbene Diane Torr, doch daf\u00fcr hatte Bridge Markland nun die lokalen Drag Artists Nancy Lund und Olive Baldwin an ihrer Seite.<\/span><\/p>\n<p><span>Mit dem Gasteig HP8, dem PATHOS theater und der M\u00fcnchner Co-Kuratorin &#8211; Drag-K\u00fcnstlerin Ruby Tuesday &#8211; hat\u00a0<\/span><em>go drag!<span>\u00a0<\/span><\/em><span>2024 eine Heimat in M\u00fcnchen gefunden. Auch 2026 werden wieder Theaterst\u00fccke und Cabaret-Shows, Vortr\u00e4ge, Workshops, Parties und Diskussionen mit lokalen und internationalen K\u00fcnstler*innen angeboten.<\/span><\/p>\n<p>[\/et_pb_text][\/et_pb_column][\/et_pb_row][et_pb_row _builder_version=&#8220;4.27.4&#8243; _module_preset=&#8220;default&#8220; background_color=&#8220;#FFFFFF&#8220; min_height=&#8220;855.4px&#8220; custom_margin=&#8220;20px||||false|false&#8220; custom_padding=&#8220;||0px|||&#8220; global_colors_info=&#8220;{}&#8220;][et_pb_column type=&#8220;4_4&#8243; _builder_version=&#8220;4.27.4&#8243; _module_preset=&#8220;default&#8220; global_colors_info=&#8220;{}&#8220;][et_pb_image src=&#8220;https:\/\/schwerereiter.de\/wp-content\/uploads\/2026\/04\/SirDan-Manhattan-Foto-Katharina-Bosse.jpg&#8220; title_text=&#8220;SirDan Manhattan (Foto &#8211; Katharina Bosse)&#8220; _builder_version=&#8220;4.27.6&#8243; _module_preset=&#8220;default&#8220; custom_margin=&#8220;||28px|||&#8220; custom_padding=&#8220;|5px|0px|5px|false|false&#8220; global_colors_info=&#8220;{}&#8220;][\/et_pb_image][et_pb_text _builder_version=&#8220;4.27.6&#8243; _module_preset=&#8220;default&#8220; text_font_size=&#8220;12px&#8220; background_color=&#8220;#FFFFFF&#8220; custom_margin=&#8220;-20px||25px||false|false&#8220; custom_padding=&#8220;|5px|||false|false&#8220; global_colors_info=&#8220;{}&#8220;]<\/p>\n<div class=\"mtext\">\n<p class=\"grauerText\" style=\"text-align: right;\">\u00a0 \u00a0 \u00a0 \u00a0 \u00a0 \u00a0 \u00a0 \u00a0\u00a9 Foto<span>: Katharina Bosse<\/span><\/p>\n<\/div>\n<p>[\/et_pb_text][\/et_pb_column][\/et_pb_row][et_pb_row _builder_version=&#8220;4.27.4&#8243; _module_preset=&#8220;default&#8220; background_color=&#8220;#FFFFFF&#8220; min_height=&#8220;153.6px&#8220; custom_margin=&#8220;-40px|auto|26px|auto|false|false&#8220; custom_padding=&#8220;|5px||5px|false|false&#8220; box_shadow_style=&#8220;preset2&#8243; global_colors_info=&#8220;{}&#8220;][et_pb_column type=&#8220;4_4&#8243; _builder_version=&#8220;4.27.4&#8243; _module_preset=&#8220;default&#8220; global_colors_info=&#8220;{}&#8220;][et_pb_text _builder_version=&#8220;4.27.5&#8243; _module_preset=&#8220;default&#8220; text_text_color=&#8220;#222222&#8243; text_font_size=&#8220;17px&#8220; text_orientation=&#8220;justified&#8220; custom_padding=&#8220;|5px||5px|false|false&#8220; text_font_size_tablet=&#8220;17px&#8220; text_font_size_phone=&#8220;15px&#8220; text_font_size_last_edited=&#8220;on|phone&#8220; global_colors_info=&#8220;{}&#8220;]<\/p>\n<p><em>On Our Wavelength<\/em> ist eine Dragshow mit ausschlie\u00dflich BIPoC FLINTA* Performer*innen. Sie l\u00e4dt ein, den Blickwinkel der K\u00fcnstler*innen des Abends einzunehmen und durch ihre Augen neue Perspektiven zu sehen. Da Menschen, die auf der Intersektion queer und BIPoC existieren, oft weniger M\u00f6glichkeiten geboten werden, gibt die Show spezifisch ihnen eine B\u00fchne und damit die M\u00f6glichkeit, ihre Vielfalt zu pr\u00e4sentieren.<\/p>\n<p>Dauer: 120 Min.<\/p>\n<p>Danach Party im Foyer!<\/p>\n<p>[\/et_pb_text][\/et_pb_column][\/et_pb_row][et_pb_row column_structure=&#8220;1_4,1_4,1_4,1_4&#8243; _builder_version=&#8220;4.27.6&#8243; _module_preset=&#8220;default&#8220; global_colors_info=&#8220;{}&#8220;][et_pb_column type=&#8220;1_4&#8243; _builder_version=&#8220;4.27.6&#8243; _module_preset=&#8220;default&#8220; global_colors_info=&#8220;{}&#8220;][et_pb_image src=&#8220;https:\/\/schwerereiter.de\/wp-content\/uploads\/2026\/04\/VivienneLovecraft-by-ElizavetaBogachova-scaled.jpg&#8220; title_text=&#8220;VivienneLovecraft by ElizavetaBogachova&#8220; _builder_version=&#8220;4.27.6&#8243; _module_preset=&#8220;default&#8220; global_colors_info=&#8220;{}&#8220;][\/et_pb_image][et_pb_text _builder_version=&#8220;4.27.6&#8243; _module_preset=&#8220;default&#8220; text_font_size=&#8220;12px&#8220; background_color=&#8220;#FFFFFF&#8220; custom_margin=&#8220;-20px||25px||false|false&#8220; custom_padding=&#8220;|5px|||false|false&#8220; global_colors_info=&#8220;{}&#8220;]<\/p>\n<div class=\"mtext\">\n<p class=\"grauerText\" style=\"text-align: left;\">\u00a0 \u00a9 Foto<span>: Elizaveta Bogachova<\/span><\/p>\n<\/div>\n<p>[\/et_pb_text][\/et_pb_column][et_pb_column type=&#8220;1_4&#8243; _builder_version=&#8220;4.27.6&#8243; _module_preset=&#8220;default&#8220; global_colors_info=&#8220;{}&#8220;][et_pb_image src=&#8220;https:\/\/schwerereiter.de\/wp-content\/uploads\/2026\/04\/Notorious-B.D.E._byNatalieGrebe.jpg&#8220; title_text=&#8220;Notorious B.D.E._byNatalieGrebe&#8220; _builder_version=&#8220;4.27.6&#8243; _module_preset=&#8220;default&#8220; global_colors_info=&#8220;{}&#8220;][\/et_pb_image][et_pb_text _builder_version=&#8220;4.27.6&#8243; _module_preset=&#8220;default&#8220; text_font_size=&#8220;12px&#8220; background_color=&#8220;#FFFFFF&#8220; custom_margin=&#8220;-20px||25px||false|false&#8220; custom_padding=&#8220;|5px|||false|false&#8220; global_colors_info=&#8220;{}&#8220;]<\/p>\n<div class=\"mtext\">\n<p class=\"grauerText\" style=\"text-align: left;\">\u00a0 \u00a9 Foto<span>: Natalie Grebe<\/span><\/p>\n<\/div>\n<p>[\/et_pb_text][\/et_pb_column][et_pb_column type=&#8220;1_4&#8243; _builder_version=&#8220;4.27.6&#8243; _module_preset=&#8220;default&#8220; global_colors_info=&#8220;{}&#8220;][et_pb_image src=&#8220;https:\/\/schwerereiter.de\/wp-content\/uploads\/2026\/04\/Holey-Father-Foto-Jelena-Bagitsch-scaled.jpg&#8220; title_text=&#8220;Holey Father (Foto &#8211; Jelena Bagitsch)&#8220; _builder_version=&#8220;4.27.6&#8243; _module_preset=&#8220;default&#8220; global_colors_info=&#8220;{}&#8220;][\/et_pb_image][et_pb_text _builder_version=&#8220;4.27.6&#8243; _module_preset=&#8220;default&#8220; text_font_size=&#8220;12px&#8220; background_color=&#8220;#FFFFFF&#8220; custom_margin=&#8220;-20px||25px||false|false&#8220; custom_padding=&#8220;|5px|||false|false&#8220; global_colors_info=&#8220;{}&#8220;]<\/p>\n<div class=\"mtext\">\n<p class=\"grauerText\" style=\"text-align: left;\">\u00a0 \u00a0\u00a9 Foto<span>: Jelena Bagitsch<\/span><\/p>\n<\/div>\n<p>[\/et_pb_text][\/et_pb_column][et_pb_column type=&#8220;1_4&#8243; _builder_version=&#8220;4.27.6&#8243; _module_preset=&#8220;default&#8220; global_colors_info=&#8220;{}&#8220;][et_pb_image src=&#8220;https:\/\/schwerereiter.de\/wp-content\/uploads\/2026\/04\/Ryan-Stecken_byJosephWolfgangvonOhlert.jpg&#8220; title_text=&#8220;Ryan Stecken_byJosephWolfgangvonOhlert&#8220; _builder_version=&#8220;4.27.6&#8243; _module_preset=&#8220;default&#8220; global_colors_info=&#8220;{}&#8220;][\/et_pb_image][et_pb_text _builder_version=&#8220;4.27.6&#8243; _module_preset=&#8220;default&#8220; text_font_size=&#8220;12px&#8220; background_color=&#8220;#FFFFFF&#8220; custom_margin=&#8220;-20px||25px||false|false&#8220; custom_padding=&#8220;|5px|||false|false&#8220; global_colors_info=&#8220;{}&#8220;]<\/p>\n<div class=\"mtext\">\n<p class=\"grauerText\" style=\"text-align: left;\">\u00a0 \u00a9 Foto<span>: J.W. v. Ohlert<\/span><\/p>\n<\/div>\n<p>[\/et_pb_text][\/et_pb_column][\/et_pb_row][et_pb_row _builder_version=&#8220;4.27.4&#8243; _module_preset=&#8220;default&#8220; background_color=&#8220;#FFFFFF&#8220; min_height=&#8220;169.9px&#8220; custom_margin=&#8220;-40px|auto|63px|auto|false|false&#8220; custom_padding=&#8220;66px|10px|0px|10px|false|false&#8220; box_shadow_style=&#8220;preset2&#8243; global_colors_info=&#8220;{}&#8220;][et_pb_column type=&#8220;4_4&#8243; _builder_version=&#8220;4.27.4&#8243; _module_preset=&#8220;default&#8220; global_colors_info=&#8220;{}&#8220;][et_pb_heading title=&#8220;Mitwirkende&#8220; _builder_version=&#8220;4.27.4&#8243; _module_preset=&#8220;default&#8220; title_font=&#8220;Bebas Neue||||||||&#8220; title_font_size_tablet=&#8220;&#8220; title_font_size_phone=&#8220;24px&#8220; title_font_size_last_edited=&#8220;on|phone&#8220; global_colors_info=&#8220;{}&#8220;][\/et_pb_heading][et_pb_text _builder_version=&#8220;4.27.5&#8243; _module_preset=&#8220;default&#8220; text_text_color=&#8220;#222222&#8243; text_font_size=&#8220;16px&#8220; text_font_size_tablet=&#8220;16px&#8220; text_font_size_phone=&#8220;14px&#8220; text_font_size_last_edited=&#8220;on|phone&#8220; global_colors_info=&#8220;{}&#8220;]<\/p>\n<p><strong>Kurator<\/strong> Holey Father | <strong>K\u00fcnstler*innen<\/strong> Vivienne Lovecraft, Jamal Le Coq, Notorious B.D.E., Ryan Stecken, Angel Spiders, SirDan Manhattan<\/p>\n<p>[\/et_pb_text][\/et_pb_column][\/et_pb_row][et_pb_row _builder_version=&#8220;4.27.4&#8243; _module_preset=&#8220;default&#8220; background_color=&#8220;#FFFFFF&#8220; custom_margin=&#8220;-40px|auto|-11px|auto|false|false&#8220; custom_padding=&#8220;|10px||10px|false|false&#8220; box_shadow_style=&#8220;preset2&#8243; global_colors_info=&#8220;{}&#8220;][et_pb_column type=&#8220;4_4&#8243; _builder_version=&#8220;4.27.4&#8243; _module_preset=&#8220;default&#8220; global_colors_info=&#8220;{}&#8220;][et_pb_heading title=&#8220;F\u00d6rder*innen&#8220; _builder_version=&#8220;4.27.5&#8243; _module_preset=&#8220;default&#8220; title_font=&#8220;Bebas Neue||||||||&#8220; title_font_size_tablet=&#8220;&#8220; title_font_size_phone=&#8220;24px&#8220; title_font_size_last_edited=&#8220;on|phone&#8220; global_colors_info=&#8220;{}&#8220;][\/et_pb_heading][et_pb_text _builder_version=&#8220;4.27.5&#8243; _module_preset=&#8220;default&#8220; text_text_color=&#8220;#222222&#8243; text_font_size=&#8220;16px&#8220; text_font_size_tablet=&#8220;16px&#8220; text_font_size_phone=&#8220;14px&#8220; text_font_size_last_edited=&#8220;on|phone&#8220; global_colors_info=&#8220;{}&#8220;]<\/p>\n<p><strong>godrag! munich 2026 wird gef\u00f6rdert<\/strong><span>\u00a0durch das Kulturreferat der Landeshauptstadt M\u00fcnchen, Gasteig M\u00fcnchen, das NATIONALE PERFORMANCE NETZ Gastspielf\u00f6rderung Theater, gef\u00f6rdert von dem Beauftragten der Bundesregierung f\u00fcr Kultur und Medien sowie den Kultur- und Kunstministerien der L\u00e4nder.<\/span><\/p>\n<p>[\/et_pb_text][\/et_pb_column][\/et_pb_row][\/et_pb_section]<\/p>\n","protected":false},"excerpt":{"rendered":"<p>BIPOC Cabaret-Show in englischer Sprache &#8211; im Anschluss Party!!Tickets: 30 \u20ac \/ 20 \u20ac \/ 12 \u20ac \/ 5 \u20ac Wer erh\u00e4lt Erm\u00e4\u00dfigungen? Sch\u00fcler*innen, Student*innen, Senior*innen ab 67, Erwerbslose und [&hellip;]<\/p>\n","protected":false},"author":4,"featured_media":8349,"template":"","meta":{"_et_pb_use_builder":"on","_et_pb_old_content":"<p>[et_pb_section fb_built=\"1\" _builder_version=\"4.27.4\" _module_preset=\"default\" background_color=\"gcid-3be8d3fa-8b11-41b4-b614-e601c43d7597\" custom_margin=\"||-30px||false|false\" global_colors_info=\"{%22gcid-3be8d3fa-8b11-41b4-b614-e601c43d7597%22:%91%22background_color%22%93}\"][et_pb_row column_structure=\"3_5,2_5\" _builder_version=\"4.27.4\" _module_preset=\"default\" background_color=\"#FFFFFF\" custom_margin=\"||0px||false|false\" custom_padding=\"20px|15px|20px|15px|false|false\" box_shadow_style=\"preset2\" global_colors_info=\"{}\"][et_pb_column type=\"3_5\" _builder_version=\"4.27.4\" _module_preset=\"default\" global_colors_info=\"{}\"][et_pb_heading title=\"SO 07.06. | 19:00 | theater\" _builder_version=\"4.27.5\" _module_preset=\"default\" title_font=\"Bebas Neue||||||||\" title_text_align=\"left\" title_font_size=\"19px\" custom_margin=\"||24px||false|false\" hover_enabled=\"0\" global_colors_info=\"{}\" sticky_enabled=\"0\"][\/et_pb_heading][et_pb_heading title=\"Paul Marianne Furtw\u00e4ngler\" _builder_version=\"4.27.4\" _module_preset=\"default\" title_font=\"Bebas Neue||||||||\" title_font_size=\"38px\" custom_margin=\"0px||||false|false\" title_font_size_tablet=\"38px\" title_font_size_phone=\"29px\" title_font_size_last_edited=\"on|phone\" global_colors_info=\"{}\"][\/et_pb_heading][et_pb_heading title=\"Mariannes erstes mal am Meer\" _builder_version=\"4.27.4\" _module_preset=\"default\" title_font=\"Bebas Neue|||on|||||\" title_text_color=\"#000000\" title_font_size=\"90px\" width=\"100%\" max_width=\"100%\" custom_margin=\"-23px||||false|false\" custom_padding=\"||0px||false|false\" title_text_color_tablet=\"\" title_text_color_phone=\"\" title_text_color_last_edited=\"on|phone\" title_font_size_tablet=\"\" title_font_size_phone=\"48px\" title_font_size_last_edited=\"on|phone\" global_colors_info=\"{}\"][\/et_pb_heading][et_pb_text _builder_version=\"4.27.5\" _module_preset=\"default\" text_font=\"IBM Plex Sans Thai|||||on|||\" text_font_size=\"21px\" header_font=\"Bebas Neue|||||on|||\" header_4_font=\"Bebas Neue|||||on|||\" custom_margin=\"-30px||||false|false\" custom_padding=\"0px||0px||false|false\" text_font_size_tablet=\"19px\" text_font_size_phone=\"15px\" text_font_size_last_edited=\"on|phone\" global_colors_info=\"{}\"]Ein Gespr\u00e4ch zwischen Trauer und Traum.<br \/>[\/et_pb_text][\/et_pb_column][et_pb_column type=\"2_5\" _builder_version=\"4.27.4\" _module_preset=\"default\" global_colors_info=\"{}\"][et_pb_button button_url=\"https:\/\/rausgegangen.de\/events\/mariannes-erstes-mal-am-meer-5\/\" url_new_window=\"on\" button_text=\"Tickets kaufen\" button_alignment=\"right\" _builder_version=\"4.27.5\" _module_preset=\"default\" custom_button=\"on\" button_text_size=\"20px\" button_text_color=\"#222222\" button_border_width=\"9px\" button_border_color=\"#EDF000\" button_border_radius=\"11px\" button_letter_spacing=\"0px\" button_font=\"Bebas Neue|||on|||||\" custom_margin=\"0px|0px|||false|false\" custom_margin_tablet=\"-15px||||false|false\" custom_margin_phone=\"-15px||19px||false|false\" custom_margin_last_edited=\"off|desktop\" custom_padding=\"12px|24px|12px|24px|false|false\" hover_enabled=\"0\" button_text_size_tablet=\"20px\" button_text_size_phone=\"16px\" button_text_size_last_edited=\"on|phone\" box_shadow_style=\"preset3\" global_colors_info=\"{}\" sticky_enabled=\"0\"][\/et_pb_button][et_pb_toggle title=\"Ticketpreise anzeigen\" _builder_version=\"4.27.4\" _module_preset=\"4b8142c2-b661-4d49-a752-dd41b64f2d3e\" body_font_size=\"11px\" max_width=\"49%\" max_width_phone=\"53%\" custom_margin=\"-10px|0px|||false|false\" closed_title_font_size_tablet=\"\" closed_title_font_size_phone=\"12px\" closed_title_font_size_last_edited=\"on|phone\" body_font_size_tablet=\"\" body_font_size_phone=\"\" body_font_size_last_edited=\"on|phone\" global_colors_info=\"{%22gcid-heading-color%22:%91%22open_icon_color%22%93}\"]<strong>Tickets:<\/strong> 30 \u20ac \/ 20 \u20ac \/ 12 \u20ac \/ 5 \u20ac<\/p><hr \/><p><strong>Wer erh\u00e4lt Erm\u00e4\u00dfigungen?<\/strong> Sch\u00fcler*innen, Student*innen, Senior*innen ab 67, Erwerbslose und in Ausnahmef\u00e4llen auch Gruppen. F\u00fcr Letzteres wenden Sie sich bitte an die jeweilige Sparte: <a href=\"mailto:cbg@scope-muenchen.de\">cbg@scope-muenchen.de<\/a> (Musik) <a href=\"mailto:kommunikation@tanztendenz.de\">kommunikation@tanztendenz.de<\/a> (Tanz) <a href=\"mailto:ticket@pathos.theater\">ticket@pathos.theater<\/a> (Theater)<\/p><p><strong>Klimafolgekosten-Ticket<\/strong>: optional 2 \u20ac Aufschlag pro Ticket in allen Preiskategorien. <a href=\"https:\/\/www.pathos.theater\/Nachhaltigkeit.php\">HIER<\/a>\u00a0gibt es mehr Informationen.<br \/>[\/et_pb_toggle][\/et_pb_column][\/et_pb_row][et_pb_row _builder_version=\"4.27.4\" _module_preset=\"default\" background_color=\"#FFFFFF\" custom_margin=\"20px||||false|false\" global_colors_info=\"{}\"][et_pb_column type=\"4_4\" _builder_version=\"4.27.4\" _module_preset=\"default\" global_colors_info=\"{}\"][et_pb_image src=\"https:\/\/schwerereiter.de\/wp-content\/uploads\/2026\/01\/Mariannes-erstes-Mal-am-Meer-c-Lilli-Moors-Sonnychillonce.jpeg\" title_text=\"Mariannes erstes Mal am Meer (c) Lilli Moors, Sonnychillonce\" _builder_version=\"4.27.4\" _module_preset=\"default\" custom_padding=\"|5px||5px|false|false\" global_colors_info=\"{}\"][\/et_pb_image][et_pb_text _builder_version=\"4.27.4\" _module_preset=\"default\" text_font_size=\"12px\" background_color=\"#FFFFFF\" custom_margin=\"-20px||||false|false\" custom_padding=\"|5px|||false|false\" global_colors_info=\"{}\"]<\/p><div class=\"mtext\"><p class=\"grauerText\" style=\"text-align: right;\">\u00a0 \u00a0 \u00a0 \u00a0 \u00a0 \u00a0 \u00a0 \u00a0\u00a9 Foto: Lilli Moors<\/p><\/div><p>[\/et_pb_text][\/et_pb_column][\/et_pb_row][\/et_pb_section][et_pb_section fb_built=\"1\" _builder_version=\"4.27.4\" _module_preset=\"default\" background_color=\"gcid-3be8d3fa-8b11-41b4-b614-e601c43d7597\" global_colors_info=\"{%22gcid-3be8d3fa-8b11-41b4-b614-e601c43d7597%22:%91%22background_color%22%93}\"][et_pb_row _builder_version=\"4.27.4\" _module_preset=\"default\" background_color=\"#FFFFFF\" custom_margin=\"-40px|auto|88px|auto|false|false\" custom_padding=\"|5px||5px|false|false\" box_shadow_style=\"preset2\" global_colors_info=\"{}\"][et_pb_column type=\"4_4\" _builder_version=\"4.27.4\" _module_preset=\"default\" global_colors_info=\"{}\"][et_pb_text _builder_version=\"4.27.4\" _module_preset=\"default\" text_text_color=\"#222222\" text_font_size=\"17px\" text_orientation=\"justified\" custom_padding=\"|5px||5px|false|false\" text_font_size_tablet=\"17px\" text_font_size_phone=\"15px\" text_font_size_last_edited=\"on|phone\" global_colors_info=\"{}\"]Als sich die junge trans Frau Ella in ihrem sch\u00f6nsten Kleid auf den Weg zu einem Fest macht, wird sie in einem U-Bahnhof von einer Gruppe junger M\u00e4nner zu Tode gepr\u00fcgelt. Ihre beste Freundin Marianne zieht sich in ihrer Trauer in eine einsame H\u00fctte am Meer zur\u00fcck und wendet sich, auf der Suche nach Halt,\u00a0 an eine k\u00fcnstliche Intelligenz und an das Meer.<\/p><p>Wie leben wir weiter, wenn jemand stirbt, der uns getragen hat? Und was sagt es \u00fcber unsere Zeit aus, wenn eine KI unsere Trauer besser versteht als die Welt um uns herum?<\/p><p>Was das Publikum als Theaterabend erlebt, entsteht aus einem radikalen Selbstexperiment: K\u00fcnstler*in Paul Marianne Furtw\u00e4ngler isoliert sich sieben Tage lang in einer H\u00fctte am Meer und spricht ausschlie\u00dflich mit einer KI. Daraus entsteht ein intimer Theaterabend \u00fcber Trauer, Queersein und die Suche nach Halt in einer Welt, die diese Haltlosigkeit mitverursacht.<\/p><p>Die No-Budget-Produktion bringt die B\u00fchnenk\u00fcnstlerin Paul Marianne Furtw\u00e4ngler erneut mit dem Choreografen Tomas B\u00fcnger zusammen. Nach ihrer ersten Zusammenarbeit setzen sie ihren generations\u00fcbergreifenden Dialog fort und schaffen Raum f\u00fcr queere Perspektiven auf der B\u00fchne. Das Projekt entsteht als unmittelbare k\u00fcnstlerische Reaktion auf die zunehmende Gewalt gegen trans Menschen und wird zu einem Ritual der Erinnerung an einen geliebten Menschen.<\/p><p>Tomas B\u00fcnger, langj\u00e4hriges Mitglied des Bremer Tanztheaters (u.a. mit Susanne Linke, Urs Dietrich und Reinhild Hoffmann), arbeitet seit vielen Jahren international, unter anderem in Bangladesch und Indien. Mit auf der B\u00fchne steht die Schauspieler*in Moritz Bock als Ella.<\/p><p>Alle Ticketeinnahmen flie\u00dfen unmittelbar in die Finanzierung der Produktion. Unser Dank gilt allen Menschen, die durch ihre Spenden die Umsetzung dieser Arbeit erm\u00f6glichen, sowie der Alpine Fellowship Foundation f\u00fcr ihre Unterst\u00fctzung.<br \/>[\/et_pb_text][\/et_pb_column][\/et_pb_row][et_pb_row _builder_version=\"4.27.4\" _module_preset=\"default\" background_color=\"#FFFFFF\" min_height=\"169.9px\" custom_margin=\"-40px|auto|63px|auto|false|false\" custom_padding=\"|10px|0px|10px|false|false\" box_shadow_style=\"preset2\" global_colors_info=\"{}\"][et_pb_column type=\"4_4\" _builder_version=\"4.27.4\" _module_preset=\"default\" global_colors_info=\"{}\"][et_pb_heading title=\"Mitwirkende\" _builder_version=\"4.27.4\" _module_preset=\"default\" title_font=\"Bebas Neue||||||||\" title_font_size_tablet=\"\" title_font_size_phone=\"24px\" title_font_size_last_edited=\"on|phone\" global_colors_info=\"{}\"][\/et_pb_heading][et_pb_text _builder_version=\"4.27.4\" _module_preset=\"default\" text_text_color=\"#222222\" text_font_size=\"16px\" text_font_size_tablet=\"16px\" text_font_size_phone=\"14px\" text_font_size_last_edited=\"on|phone\" global_colors_info=\"{}\"]<strong>Autor*innenschaft, Leitung<\/strong>: Paul Marianne Furtw\u00e4ngler | <strong>Dramaturgie, Mentorat<\/strong> Tom B\u00fcnger | <strong>Performance<\/strong> Moritz Bock, Paul Marianne Furtw\u00e4ngler | <strong>Stimme KI<\/strong> Elena Marieke Gester | <strong>Szenografie<\/strong> Dario Droste | <strong>Kost\u00fcm<\/strong> ODEEH | <strong>Video<\/strong> Lilli Moors | <strong>Musik<\/strong> Basile Borkenhagen, Johannes Furtw\u00e4ngler<br \/>[\/et_pb_text][\/et_pb_column][\/et_pb_row][et_pb_row _builder_version=\"4.27.4\" _module_preset=\"default\" background_color=\"#FFFFFF\" custom_margin=\"-40px|auto|-11px|auto|false|false\" custom_padding=\"|10px||10px|false|false\" box_shadow_style=\"preset2\" global_colors_info=\"{}\"][et_pb_column type=\"4_4\" _builder_version=\"4.27.4\" _module_preset=\"default\" global_colors_info=\"{}\"][et_pb_heading title=\"Spenden\" _builder_version=\"4.27.4\" _module_preset=\"default\" title_font=\"Bebas Neue||||||||\" title_font_size_tablet=\"\" title_font_size_phone=\"24px\" title_font_size_last_edited=\"on|phone\" global_colors_info=\"{}\"][\/et_pb_heading][et_pb_text _builder_version=\"4.27.4\" _module_preset=\"default\" text_text_color=\"#222222\" text_font_size=\"16px\" text_font_size_tablet=\"16px\" text_font_size_phone=\"14px\" text_font_size_last_edited=\"on|phone\" global_colors_info=\"{}\"]Bei diesem Theaterabend handelt es sich um eine No-Budget-Produktion. Spenden, um die am Projekt beteiligten Personen fair bezahlen zu k\u00f6nnen, sind auf\u00a0<a href=\"https:\/\/www.gofundme.com\/f\/mariannes-erstes-mal-am-meer-ein-theaterprojekt?attribution_id=sl%3Abdc3096f-abd1-4ad6-8927-224400edd5bc\" target=\"_blank\" rel=\"noopener\"><strong>gofundme<\/strong><\/a>\u00a0herzlich willkommen.<br \/>[\/et_pb_text][\/et_pb_column][\/et_pb_row][\/et_pb_section]<\/p>","_et_gb_content_width":"","_tribe_events_status":"","_tribe_events_status_reason":"","_tribe_events_is_hybrid":"","_tribe_events_is_virtual":"","_tribe_events_virtual_video_source":"","_tribe_events_virtual_embed_video":"","_tribe_events_virtual_linked_button_text":"","_tribe_events_virtual_linked_button":"","_tribe_events_virtual_show_embed_at":"","_tribe_events_virtual_show_embed_to":[],"_tribe_events_virtual_show_on_event":"","_tribe_events_virtual_show_on_views":"","_tribe_events_virtual_url":"","footnotes":""},"tags":[],"tribe_events_cat":[],"class_list":["post-8193","tribe_events","type-tribe_events","status-publish","has-post-thumbnail","hentry"],"_links":{"self":[{"href":"https:\/\/schwerereiter.de\/index.php?rest_route=\/wp\/v2\/tribe_events\/8193","targetHints":{"allow":["GET"]}}],"collection":[{"href":"https:\/\/schwerereiter.de\/index.php?rest_route=\/wp\/v2\/tribe_events"}],"about":[{"href":"https:\/\/schwerereiter.de\/index.php?rest_route=\/wp\/v2\/types\/tribe_events"}],"author":[{"embeddable":true,"href":"https:\/\/schwerereiter.de\/index.php?rest_route=\/wp\/v2\/users\/4"}],"version-history":[{"count":12,"href":"https:\/\/schwerereiter.de\/index.php?rest_route=\/wp\/v2\/tribe_events\/8193\/revisions"}],"predecessor-version":[{"id":8378,"href":"https:\/\/schwerereiter.de\/index.php?rest_route=\/wp\/v2\/tribe_events\/8193\/revisions\/8378"}],"wp:featuredmedia":[{"embeddable":true,"href":"https:\/\/schwerereiter.de\/index.php?rest_route=\/wp\/v2\/media\/8349"}],"wp:attachment":[{"href":"https:\/\/schwerereiter.de\/index.php?rest_route=%2Fwp%2Fv2%2Fmedia&parent=8193"}],"wp:term":[{"taxonomy":"post_tag","embeddable":true,"href":"https:\/\/schwerereiter.de\/index.php?rest_route=%2Fwp%2Fv2%2Ftags&post=8193"},{"taxonomy":"tribe_events_cat","embeddable":true,"href":"https:\/\/schwerereiter.de\/index.php?rest_route=%2Fwp%2Fv2%2Ftribe_events_cat&post=8193"}],"curies":[{"name":"wp","href":"https:\/\/api.w.org\/{rel}","templated":true}]}}