{"id":8206,"date":"2026-04-28T16:39:21","date_gmt":"2026-04-28T14:39:21","guid":{"rendered":"https:\/\/schwerereiter.de\/?post_type=tribe_events&#038;p=8206"},"modified":"2026-04-28T16:41:11","modified_gmt":"2026-04-28T14:41:11","slug":"go-drag-munich-2026-alexander-cameltoe-drag-makeup-workshop","status":"publish","type":"tribe_events","link":"https:\/\/schwerereiter.de\/?tribe_events=go-drag-munich-2026-alexander-cameltoe-drag-makeup-workshop","title":{"rendered":"go drag! munich 2026 | Alexander Cameltoe: Drag Makeup-Workshop"},"content":{"rendered":"<p>[et_pb_section fb_built=&#8220;1&#8243; _builder_version=&#8220;4.27.4&#8243; _module_preset=&#8220;default&#8220; background_color=&#8220;gcid-3be8d3fa-8b11-41b4-b614-e601c43d7597&#8243; custom_margin=&#8220;||-30px||false|false&#8220; global_colors_info=&#8220;{%22gcid-3be8d3fa-8b11-41b4-b614-e601c43d7597%22:%91%22background_color%22%93}&#8220;][et_pb_row column_structure=&#8220;1_2,1_2&#8243; _builder_version=&#8220;4.27.6&#8243; _module_preset=&#8220;default&#8220; background_color=&#8220;#FFFFFF&#8220; custom_margin=&#8220;||0px||false|false&#8220; custom_padding=&#8220;20px|15px|20px|15px|false|false&#8220; hover_enabled=&#8220;0&#8243; box_shadow_style=&#8220;preset2&#8243; global_colors_info=&#8220;{}&#8220; sticky_enabled=&#8220;0&#8243;][et_pb_column type=&#8220;1_2&#8243; _builder_version=&#8220;4.27.4&#8243; _module_preset=&#8220;default&#8220; global_colors_info=&#8220;{}&#8220;][et_pb_heading title=&#8220;DO 11.06. | 14:00 | theater | schwere reiter studio&#8220; _builder_version=&#8220;4.27.5&#8243; _module_preset=&#8220;default&#8220; title_font=&#8220;Bebas Neue||||||||&#8220; title_text_align=&#8220;left&#8220; title_font_size=&#8220;19px&#8220; custom_margin=&#8220;||24px||false|false&#8220; global_colors_info=&#8220;{}&#8220;][\/et_pb_heading][et_pb_heading title=&#8220;Alexander Cameltoe&#8220; _builder_version=&#8220;4.27.5&#8243; _module_preset=&#8220;default&#8220; title_font=&#8220;Bebas Neue||||||||&#8220; title_font_size=&#8220;38px&#8220; custom_margin=&#8220;0px||||false|false&#8220; title_font_size_tablet=&#8220;38px&#8220; title_font_size_phone=&#8220;29px&#8220; title_font_size_last_edited=&#8220;on|phone&#8220; global_colors_info=&#8220;{}&#8220;][\/et_pb_heading][et_pb_heading title=&#8220;DRAG MAKEUP-WORKSHOP&#8220; _builder_version=&#8220;4.27.5&#8243; _module_preset=&#8220;default&#8220; title_font=&#8220;Bebas Neue|||on|||||&#8220; title_text_color=&#8220;#000000&#8243; title_font_size=&#8220;90px&#8220; width=&#8220;100%&#8220; max_width=&#8220;100%&#8220; custom_margin=&#8220;-23px||||false|false&#8220; custom_padding=&#8220;||0px||false|false&#8220; title_text_color_tablet=&#8220;&#8220; title_text_color_phone=&#8220;&#8220; title_text_color_last_edited=&#8220;on|phone&#8220; title_font_size_tablet=&#8220;&#8220; title_font_size_phone=&#8220;48px&#8220; title_font_size_last_edited=&#8220;on|phone&#8220; global_colors_info=&#8220;{}&#8220;][\/et_pb_heading][et_pb_text _builder_version=&#8220;4.27.5&#8243; _module_preset=&#8220;default&#8220; text_font=&#8220;IBM Plex Sans Thai|||||on|||&#8220; text_font_size=&#8220;21px&#8220; header_font=&#8220;Bebas Neue|||||on|||&#8220; header_4_font=&#8220;Bebas Neue|||||on|||&#8220; custom_margin=&#8220;-30px||||false|false&#8220; custom_padding=&#8220;0px||0px||false|false&#8220; text_font_size_tablet=&#8220;19px&#8220; text_font_size_phone=&#8220;15px&#8220; text_font_size_last_edited=&#8220;on|phone&#8220; global_colors_info=&#8220;{}&#8220;]<\/p>\n<p>Entwickle Makeup ganz in deinem eigenen stil\u00a0 und einer pers\u00f6nlichen \u00c4sthetik!<\/p>\n<p>[\/et_pb_text][\/et_pb_column][et_pb_column type=&#8220;1_2&#8243; _builder_version=&#8220;4.27.4&#8243; _module_preset=&#8220;default&#8220; global_colors_info=&#8220;{}&#8220;][et_pb_button button_url=&#8220;https:\/\/rausgegangen.de\/events\/drag-makeup-workshop-mit-alexander-cameltoe-0\/&#8220; url_new_window=&#8220;on&#8220; button_text=&#8220;Tickets kaufen&#8220; button_alignment=&#8220;right&#8220; _builder_version=&#8220;4.27.6&#8243; _module_preset=&#8220;default&#8220; custom_button=&#8220;on&#8220; button_text_size=&#8220;20px&#8220; button_text_color=&#8220;#222222&#8243; button_border_width=&#8220;9px&#8220; button_border_color=&#8220;#EDF000&#8243; button_border_radius=&#8220;11px&#8220; button_letter_spacing=&#8220;0px&#8220; button_font=&#8220;Bebas Neue|||on|||||&#8220; custom_margin=&#8220;0px|0px|||false|false&#8220; custom_margin_tablet=&#8220;-15px||||false|false&#8220; custom_margin_phone=&#8220;-15px||19px||false|false&#8220; custom_margin_last_edited=&#8220;off|desktop&#8220; custom_padding=&#8220;12px|24px|12px|24px|false|false&#8220; hover_enabled=&#8220;0&#8243; button_text_size_tablet=&#8220;20px&#8220; button_text_size_phone=&#8220;16px&#8220; button_text_size_last_edited=&#8220;on|phone&#8220; box_shadow_style=&#8220;preset3&#8243; global_colors_info=&#8220;{}&#8220; sticky_enabled=&#8220;0&#8243;][\/et_pb_button][et_pb_toggle title=&#8220;Ticketpreise anzeigen&#8220; _builder_version=&#8220;4.27.6&#8243; _module_preset=&#8220;4b8142c2-b661-4d49-a752-dd41b64f2d3e&#8220; body_font_size=&#8220;11px&#8220; max_width=&#8220;49%&#8220; max_width_phone=&#8220;53%&#8220; custom_margin=&#8220;-10px|0px||-46px|false|false&#8220; hover_enabled=&#8220;0&#8243; closed_title_font_size_tablet=&#8220;&#8220; closed_title_font_size_phone=&#8220;12px&#8220; closed_title_font_size_last_edited=&#8220;on|phone&#8220; body_font_size_tablet=&#8220;&#8220; body_font_size_phone=&#8220;&#8220; body_font_size_last_edited=&#8220;on|phone&#8220; global_colors_info=&#8220;{%22gcid-heading-color%22:%91%22open_icon_color%22%93}&#8220; sticky_enabled=&#8220;0&#8243; min_height=&#8220;76.8px&#8220;]<\/p>\n<p><strong>Tickets:<\/strong> 49 \u20ac \/ 37 \u20ac<\/p>\n<hr \/>\n<p><strong>Wer erh\u00e4lt Erm\u00e4\u00dfigungen?<\/strong> Sch\u00fcler*innen, Student*innen, Senior*innen ab 67, Erwerbslose und in Ausnahmef\u00e4llen auch Gruppen. F\u00fcr Letzteres wenden Sie sich bitte an die jeweilige Sparte: <a href=\"mailto:cbg@scope-muenchen.de\">cbg@scope-muenchen.de<\/a> (Musik) <a href=\"mailto:kommunikation@tanztendenz.de\">kommunikation@tanztendenz.de<\/a> (Tanz) <a href=\"mailto:ticket@pathos.theater\">ticket@pathos.theater<\/a> (Theater)<\/p>\n<p><strong>Klimafolgekosten-Ticket<\/strong>: optional 2 \u20ac Aufschlag pro Ticket in allen Preiskategorien. <a href=\"https:\/\/www.pathos.theater\/Nachhaltigkeit.php\">HIER<\/a>\u00a0gibt es mehr Informationen.<\/p>\n<p>[\/et_pb_toggle][\/et_pb_column][\/et_pb_row][et_pb_row _builder_version=&#8220;4.27.4&#8243; _module_preset=&#8220;default&#8220; background_color=&#8220;#FFFFFF&#8220; custom_margin=&#8220;20px||||false|false&#8220; global_colors_info=&#8220;{}&#8220;][et_pb_column type=&#8220;4_4&#8243; _builder_version=&#8220;4.27.4&#8243; _module_preset=&#8220;default&#8220; global_colors_info=&#8220;{}&#8220;][et_pb_image src=&#8220;https:\/\/schwerereiter.de\/wp-content\/uploads\/2026\/04\/AlexanderCameltoe_Emcee_TonyStewart-scaled.jpg&#8220; title_text=&#8220;AlexanderCameltoe_Emcee_TonyStewart&#8220; _builder_version=&#8220;4.27.5&#8243; _module_preset=&#8220;default&#8220; custom_padding=&#8220;|5px||5px|false|false&#8220; global_colors_info=&#8220;{}&#8220;][\/et_pb_image][et_pb_text _builder_version=&#8220;4.27.5&#8243; _module_preset=&#8220;default&#8220; text_font_size=&#8220;12px&#8220; background_color=&#8220;#FFFFFF&#8220; custom_margin=&#8220;-20px||||false|false&#8220; custom_padding=&#8220;|5px|||false|false&#8220; global_colors_info=&#8220;{}&#8220;]<\/p>\n<div class=\"mtext\">\n<p class=\"grauerText\" style=\"text-align: right;\">\u00a0 \u00a0 \u00a0 \u00a0 \u00a0 \u00a0 \u00a0 \u00a0\u00a9 Foto: Tony Stewart<\/p>\n<\/div>\n<p>[\/et_pb_text][\/et_pb_column][\/et_pb_row][\/et_pb_section][et_pb_section fb_built=&#8220;1&#8243; _builder_version=&#8220;4.27.4&#8243; _module_preset=&#8220;default&#8220; background_color=&#8220;gcid-3be8d3fa-8b11-41b4-b614-e601c43d7597&#8243; global_colors_info=&#8220;{%22gcid-3be8d3fa-8b11-41b4-b614-e601c43d7597%22:%91%22background_color%22%93}&#8220;][et_pb_row _builder_version=&#8220;4.27.4&#8243; _module_preset=&#8220;default&#8220; background_color=&#8220;#FFFFFF&#8220; custom_margin=&#8220;-40px|auto|88px|auto|false|false&#8220; custom_padding=&#8220;|5px||5px|false|false&#8220; box_shadow_style=&#8220;preset2&#8243; global_colors_info=&#8220;{}&#8220;][et_pb_column type=&#8220;4_4&#8243; _builder_version=&#8220;4.27.4&#8243; _module_preset=&#8220;default&#8220; global_colors_info=&#8220;{}&#8220;][et_pb_text _builder_version=&#8220;4.27.5&#8243; _module_preset=&#8220;default&#8220; text_text_color=&#8220;#222222&#8243; text_font_size=&#8220;17px&#8220; text_orientation=&#8220;justified&#8220; custom_padding=&#8220;|5px||5px|false|false&#8220; text_font_size_tablet=&#8220;17px&#8220; text_font_size_phone=&#8220;15px&#8220; text_font_size_last_edited=&#8220;on|phone&#8220; global_colors_info=&#8220;{}&#8220;]<em>go drag! munich<\/em>\u00a0zelebriert Drag-Kunst von weiblichen, trans* und nichtbin\u00e4ren K\u00fcnstler*innen und findet auch in diesem Jahr wieder am PATHOS theater, schwere reiter, Gasteig HP8, im NS Dokuzentrum und an weiteren Orten in M\u00fcnchen statt.<\/p>\n<p>Das erste\u00a0<em>go drag!<\/em>\u00a0Festival wurde 2002 von der New Yorker Drag King-Pionierin Diane Torr und der Berliner Genderperformance-Legende Bridge Markland in Berlin veranstaltet. 20 Jahre sp\u00e4ter fand dort auch die zweite Ausgabe statt, leider ohne die inzwischen verstorbene Diane Torr, doch daf\u00fcr hatte Bridge Markland nun die lokalen Drag Artists Nancy Lund und Olive Baldwin an ihrer Seite.<\/p>\n<p>Mit dem Gasteig HP8, dem PATHOS theater und der M\u00fcnchner Co-Kuratorin &#8211; Drag-K\u00fcnstlerin Ruby Tuesday &#8211; hat\u00a0<em>go drag!\u00a0<\/em>2024 eine Heimat in M\u00fcnchen gefunden. Auch 2026 werden wieder Theaterst\u00fccke und Cabaret-Shows, Vortr\u00e4ge, Workshops, Parties und Diskussionen mit lokalen und internationalen K\u00fcnstler*innen angeboten.<br \/>\n[\/et_pb_text][\/et_pb_column][\/et_pb_row][et_pb_row _builder_version=&#8220;4.27.4&#8243; _module_preset=&#8220;default&#8220; background_color=&#8220;#FFFFFF&#8220; custom_margin=&#8220;-40px|auto|88px|auto|false|false&#8220; custom_padding=&#8220;|5px||5px|false|false&#8220; box_shadow_style=&#8220;preset2&#8243; global_colors_info=&#8220;{}&#8220;][et_pb_column type=&#8220;4_4&#8243; _builder_version=&#8220;4.27.4&#8243; _module_preset=&#8220;default&#8220; global_colors_info=&#8220;{}&#8220;][et_pb_text _builder_version=&#8220;4.27.5&#8243; _module_preset=&#8220;default&#8220; text_text_color=&#8220;#222222&#8243; text_font_size=&#8220;17px&#8220; text_orientation=&#8220;justified&#8220; custom_padding=&#8220;|5px||5px|false|false&#8220; text_font_size_tablet=&#8220;17px&#8220; text_font_size_phone=&#8220;15px&#8220; text_font_size_last_edited=&#8220;on|phone&#8220; global_colors_info=&#8220;{}&#8220;]<\/p>\n<p>In diesem Workshop geht es darum, allen Teilnehmer*innen die M\u00f6glichkeit zu geben, Drag-Makeup in ihrem eigenen Stil und ihrer eigenen \u00c4sthetik zu erforschen. Alle lernen gemeinsam die grundlegenden Techniken, so wie Augenbrauen blockieren, Farblehre und Contouring\/Anatomie. Teilnehmer*innen werden ermutigt, ihren eigenen Stil zu finden \u2013 alle bereiten ein Moodboard mit Inspiration vor, und der Workshop wird dementsprechend angepasst. Anf\u00e4nger*innen orientieren sich eher an Bildern, Fortgeschrittene lernen, neue Techniken und Stile zu erforschen.<\/p>\n<p>4 Std. inkl. Pause | schwere reiter studio<\/p>\n<p>[\/et_pb_text][\/et_pb_column][\/et_pb_row][et_pb_row _builder_version=&#8220;4.27.4&#8243; _module_preset=&#8220;default&#8220; background_color=&#8220;#FFFFFF&#8220; custom_margin=&#8220;20px|auto|100px|auto|false|false&#8220; custom_padding=&#8220;||0px|||&#8220; global_colors_info=&#8220;{}&#8220;][et_pb_column type=&#8220;4_4&#8243; _builder_version=&#8220;4.27.4&#8243; _module_preset=&#8220;default&#8220; global_colors_info=&#8220;{}&#8220;][et_pb_image src=&#8220;https:\/\/schwerereiter.de\/wp-content\/uploads\/2026\/04\/Alexander_TonyStewart2-scaled.jpg&#8220; title_text=&#8220;Alexander_TonyStewart2&#8243; _builder_version=&#8220;4.27.5&#8243; _module_preset=&#8220;default&#8220; custom_padding=&#8220;|5px||5px|false|false&#8220; global_colors_info=&#8220;{}&#8220;][\/et_pb_image][et_pb_text _builder_version=&#8220;4.27.5&#8243; _module_preset=&#8220;default&#8220; text_font_size=&#8220;12px&#8220; background_color=&#8220;#FFFFFF&#8220; custom_margin=&#8220;-20px||65px||false|false&#8220; custom_padding=&#8220;|5px|||false|false&#8220; global_colors_info=&#8220;{}&#8220;]<\/p>\n<div class=\"mtext\">\n<p class=\"grauerText\" style=\"text-align: right;\">\u00a0 \u00a0 \u00a0 \u00a0 \u00a0 \u00a0 \u00a0 \u00a0\u00a9 Foto: Tony Stewart<\/p>\n<\/div>\n<p>[\/et_pb_text][\/et_pb_column][\/et_pb_row][et_pb_row _builder_version=&#8220;4.27.4&#8243; _module_preset=&#8220;default&#8220; background_color=&#8220;#FFFFFF&#8220; min_height=&#8220;169.9px&#8220; custom_margin=&#8220;-40px|auto|63px|auto|false|false&#8220; custom_padding=&#8220;|10px|0px|10px|false|false&#8220; box_shadow_style=&#8220;preset2&#8243; global_colors_info=&#8220;{}&#8220;][et_pb_column type=&#8220;4_4&#8243; _builder_version=&#8220;4.27.4&#8243; _module_preset=&#8220;default&#8220; global_colors_info=&#8220;{}&#8220;][et_pb_heading title=&#8220;Mitwirkende&#8220; _builder_version=&#8220;4.27.4&#8243; _module_preset=&#8220;default&#8220; title_font=&#8220;Bebas Neue||||||||&#8220; title_font_size_tablet=&#8220;&#8220; title_font_size_phone=&#8220;24px&#8220; title_font_size_last_edited=&#8220;on|phone&#8220; global_colors_info=&#8220;{}&#8220;][\/et_pb_heading][et_pb_text _builder_version=&#8220;4.27.5&#8243; _module_preset=&#8220;default&#8220; text_text_color=&#8220;#222222&#8243; text_font_size=&#8220;16px&#8220; text_font_size_tablet=&#8220;16px&#8220; text_font_size_phone=&#8220;14px&#8220; text_font_size_last_edited=&#8220;on|phone&#8220; global_colors_info=&#8220;{}&#8220;]<\/p>\n<p><strong>Workshopleitung<\/strong>\u00a0Alexander Cameltoe\u00a0<\/p>\n<p>[\/et_pb_text][\/et_pb_column][\/et_pb_row][et_pb_row _builder_version=&#8220;4.27.4&#8243; _module_preset=&#8220;default&#8220; background_color=&#8220;#FFFFFF&#8220; custom_margin=&#8220;-40px|auto|-11px|auto|false|false&#8220; custom_padding=&#8220;|10px||10px|false|false&#8220; box_shadow_style=&#8220;preset2&#8243; global_colors_info=&#8220;{}&#8220;][et_pb_column type=&#8220;4_4&#8243; _builder_version=&#8220;4.27.4&#8243; _module_preset=&#8220;default&#8220; global_colors_info=&#8220;{}&#8220;][et_pb_heading title=&#8220;F\u00d6rder*innen&#8220; _builder_version=&#8220;4.27.5&#8243; _module_preset=&#8220;default&#8220; title_font=&#8220;Bebas Neue||||||||&#8220; title_font_size_tablet=&#8220;&#8220; title_font_size_phone=&#8220;24px&#8220; title_font_size_last_edited=&#8220;on|phone&#8220; global_colors_info=&#8220;{}&#8220;][\/et_pb_heading][et_pb_text _builder_version=&#8220;4.27.5&#8243; _module_preset=&#8220;default&#8220; text_text_color=&#8220;#222222&#8243; text_font_size=&#8220;16px&#8220; text_font_size_tablet=&#8220;16px&#8220; text_font_size_phone=&#8220;14px&#8220; text_font_size_last_edited=&#8220;on|phone&#8220; global_colors_info=&#8220;{}&#8220;]<strong>godrag! munich 2026 wird gef\u00f6rdert<\/strong>\u00a0durch das Kulturreferat der Landeshauptstadt M\u00fcnchen, Gasteig M\u00fcnchen, das NATIONALE PERFORMANCE NETZ Gastspielf\u00f6rderung Theater, gef\u00f6rdert von dem Beauftragten der Bundesregierung f\u00fcr Kultur und Medien sowie den Kultur- und Kunstministerien der L\u00e4nder.<br \/>\n[\/et_pb_text][\/et_pb_column][\/et_pb_row][\/et_pb_section]<\/p>\n","protected":false},"excerpt":{"rendered":"<p>Entwickle Makeup ganz in deinem eigenen stil\u00a0 und einer pers\u00f6nlichen \u00c4sthetik!Tickets: 49 \u20ac \/ 37 \u20ac Wer erh\u00e4lt Erm\u00e4\u00dfigungen? Sch\u00fcler*innen, Student*innen, Senior*innen ab 67, Erwerbslose und in Ausnahmef\u00e4llen auch Gruppen. [&hellip;]<\/p>\n","protected":false},"author":4,"featured_media":8210,"template":"","meta":{"_et_pb_use_builder":"on","_et_pb_old_content":"<p>[et_pb_section fb_built=\"1\" _builder_version=\"4.27.4\" _module_preset=\"default\" background_color=\"gcid-3be8d3fa-8b11-41b4-b614-e601c43d7597\" custom_margin=\"||-30px||false|false\" global_colors_info=\"{%22gcid-3be8d3fa-8b11-41b4-b614-e601c43d7597%22:%91%22background_color%22%93}\"][et_pb_row column_structure=\"3_5,2_5\" _builder_version=\"4.27.4\" _module_preset=\"default\" background_color=\"#FFFFFF\" custom_margin=\"||0px||false|false\" custom_padding=\"20px|15px|20px|15px|false|false\" box_shadow_style=\"preset2\" global_colors_info=\"{}\"][et_pb_column type=\"3_5\" _builder_version=\"4.27.4\" _module_preset=\"default\" global_colors_info=\"{}\"][et_pb_heading title=\"MI 10.06. | 19:00 | theater\" _builder_version=\"4.27.5\" _module_preset=\"default\" title_font=\"Bebas Neue||||||||\" title_text_align=\"left\" title_font_size=\"19px\" custom_margin=\"||24px||false|false\" hover_enabled=\"0\" global_colors_info=\"{}\" sticky_enabled=\"0\"][\/et_pb_heading][et_pb_heading title=\"Alexander Cameltoe\" _builder_version=\"4.27.5\" _module_preset=\"default\" title_font=\"Bebas Neue||||||||\" title_font_size=\"38px\" custom_margin=\"0px||||false|false\" hover_enabled=\"0\" title_font_size_tablet=\"38px\" title_font_size_phone=\"29px\" title_font_size_last_edited=\"on|phone\" global_colors_info=\"{}\" sticky_enabled=\"0\"][\/et_pb_heading][et_pb_heading title=\"CYNTHIA\" _builder_version=\"4.27.5\" _module_preset=\"default\" title_font=\"Bebas Neue|||on|||||\" title_text_color=\"#000000\" title_font_size=\"90px\" width=\"100%\" max_width=\"100%\" custom_margin=\"-23px||||false|false\" custom_padding=\"||0px||false|false\" hover_enabled=\"0\" title_text_color_tablet=\"\" title_text_color_phone=\"\" title_text_color_last_edited=\"on|phone\" title_font_size_tablet=\"\" title_font_size_phone=\"48px\" title_font_size_last_edited=\"on|phone\" global_colors_info=\"{}\" sticky_enabled=\"0\"][\/et_pb_heading][et_pb_text _builder_version=\"4.27.5\" _module_preset=\"default\" text_font=\"IBM Plex Sans Thai|||||on|||\" text_font_size=\"21px\" header_font=\"Bebas Neue|||||on|||\" header_4_font=\"Bebas Neue|||||on|||\" custom_margin=\"-30px||||false|false\" custom_padding=\"0px||0px||false|false\" hover_enabled=\"0\" text_font_size_tablet=\"19px\" text_font_size_phone=\"15px\" text_font_size_last_edited=\"on|phone\" global_colors_info=\"{}\" sticky_enabled=\"0\"]<\/p><p>Performance in englischer Sprache<\/p><p>[\/et_pb_text][\/et_pb_column][et_pb_column type=\"2_5\" _builder_version=\"4.27.4\" _module_preset=\"default\" global_colors_info=\"{}\"][et_pb_button button_url=\"https:\/\/rausgegangen.de\/events\/mariannes-erstes-mal-am-meer-5\/\" url_new_window=\"on\" button_text=\"Tickets kaufen\" button_alignment=\"right\" _builder_version=\"4.27.5\" _module_preset=\"default\" custom_button=\"on\" button_text_size=\"20px\" button_text_color=\"#222222\" button_border_width=\"9px\" button_border_color=\"#EDF000\" button_border_radius=\"11px\" button_letter_spacing=\"0px\" button_font=\"Bebas Neue|||on|||||\" custom_margin=\"0px|0px|||false|false\" custom_margin_tablet=\"-15px||||false|false\" custom_margin_phone=\"-15px||19px||false|false\" custom_margin_last_edited=\"off|desktop\" custom_padding=\"12px|24px|12px|24px|false|false\" button_text_size_tablet=\"20px\" button_text_size_phone=\"16px\" button_text_size_last_edited=\"on|phone\" box_shadow_style=\"preset3\" global_colors_info=\"{}\"][\/et_pb_button][et_pb_toggle title=\"Ticketpreise anzeigen\" _builder_version=\"4.27.5\" _module_preset=\"4b8142c2-b661-4d49-a752-dd41b64f2d3e\" body_font_size=\"11px\" max_width=\"49%\" max_width_phone=\"53%\" custom_margin=\"-10px|0px|||false|false\" hover_enabled=\"0\" closed_title_font_size_tablet=\"\" closed_title_font_size_phone=\"12px\" closed_title_font_size_last_edited=\"on|phone\" body_font_size_tablet=\"\" body_font_size_phone=\"\" body_font_size_last_edited=\"on|phone\" global_colors_info=\"{%22gcid-heading-color%22:%91%22open_icon_color%22%93}\" sticky_enabled=\"0\"]<\/p><p><strong>Tickets:<\/strong> 30 \u20ac \/ 20 \u20ac \/ 12 \u20ac \/ 5 \u20ac<\/p><hr \/><p><strong>Wer erh\u00e4lt Erm\u00e4\u00dfigungen?<\/strong> Sch\u00fcler*innen, Student*innen, Senior*innen ab 67, Erwerbslose und in Ausnahmef\u00e4llen auch Gruppen. F\u00fcr Letzteres wenden Sie sich bitte an die jeweilige Sparte: <a href=\"mailto:cbg@scope-muenchen.de\">cbg@scope-muenchen.de<\/a> (Musik) <a href=\"mailto:kommunikation@tanztendenz.de\">kommunikation@tanztendenz.de<\/a> (Tanz) <a href=\"mailto:ticket@pathos.theater\">ticket@pathos.theater<\/a> (Theater)<\/p><p><strong>Klimafolgekosten-Ticket<\/strong>: optional 2 \u20ac Aufschlag pro Ticket in allen Preiskategorien. <a href=\"https:\/\/www.pathos.theater\/Nachhaltigkeit.php\">HIER<\/a>\u00a0gibt es mehr Informationen.<\/p><p>[\/et_pb_toggle][\/et_pb_column][\/et_pb_row][et_pb_row _builder_version=\"4.27.4\" _module_preset=\"default\" background_color=\"#FFFFFF\" custom_margin=\"20px||||false|false\" global_colors_info=\"{}\"][et_pb_column type=\"4_4\" _builder_version=\"4.27.4\" _module_preset=\"default\" global_colors_info=\"{}\"][et_pb_image src=\"https:\/\/schwerereiter.de\/wp-content\/uploads\/2026\/04\/AlexanderCameltoe_Cynthia_TonyStewart-scaled.jpg\" title_text=\"AlexanderCameltoe_Cynthia_TonyStewart\" _builder_version=\"4.27.5\" _module_preset=\"default\" custom_padding=\"|5px||5px|false|false\" hover_enabled=\"0\" global_colors_info=\"{}\" sticky_enabled=\"0\"][\/et_pb_image][et_pb_text _builder_version=\"4.27.5\" _module_preset=\"default\" text_font_size=\"12px\" background_color=\"#FFFFFF\" custom_margin=\"-20px||||false|false\" custom_padding=\"|5px|||false|false\" hover_enabled=\"0\" global_colors_info=\"{}\" sticky_enabled=\"0\"]<\/p><div class=\"mtext\"><p class=\"grauerText\" style=\"text-align: right;\">\u00a0 \u00a0 \u00a0 \u00a0 \u00a0 \u00a0 \u00a0 \u00a0\u00a9 Foto: Tony Stewart<\/p><\/div><p>[\/et_pb_text][\/et_pb_column][\/et_pb_row][\/et_pb_section][et_pb_section fb_built=\"1\" _builder_version=\"4.27.4\" _module_preset=\"default\" background_color=\"gcid-3be8d3fa-8b11-41b4-b614-e601c43d7597\" global_colors_info=\"{%22gcid-3be8d3fa-8b11-41b4-b614-e601c43d7597%22:%91%22background_color%22%93}\"][et_pb_row _builder_version=\"4.27.4\" _module_preset=\"default\" background_color=\"#FFFFFF\" custom_margin=\"-40px|auto|88px|auto|false|false\" custom_padding=\"|5px||5px|false|false\" box_shadow_style=\"preset2\" global_colors_info=\"{}\"][et_pb_column type=\"4_4\" _builder_version=\"4.27.4\" _module_preset=\"default\" global_colors_info=\"{}\"][et_pb_text _builder_version=\"4.27.5\" _module_preset=\"default\" text_text_color=\"#222222\" text_font_size=\"17px\" text_orientation=\"justified\" custom_padding=\"|5px||5px|false|false\" hover_enabled=\"0\" text_font_size_tablet=\"17px\" text_font_size_phone=\"15px\" text_font_size_last_edited=\"on|phone\" global_colors_info=\"{}\" sticky_enabled=\"0\"]<\/p><p><em>go drag! munich<\/em>\u00a0zelebriert Drag-Kunst von weiblichen, trans* und nichtbin\u00e4ren K\u00fcnstler*innen und findet auch in diesem Jahr wieder am PATHOS theater, schwere reiter, Gasteig HP8, im NS Dokuzentrum und an weiteren Orten in M\u00fcnchen statt.<\/p><p>Das erste\u00a0<em>go drag!<\/em>\u00a0Festival wurde 2002 von der New Yorker Drag King-Pionierin Diane Torr und der Berliner Genderperformance-Legende Bridge Markland in Berlin veranstaltet. 20 Jahre sp\u00e4ter fand dort auch die zweite Ausgabe statt, leider ohne die inzwischen verstorbene Diane Torr, doch daf\u00fcr hatte Bridge Markland nun die lokalen Drag Artists Nancy Lund und Olive Baldwin an ihrer Seite.<\/p><p>Mit dem Gasteig HP8, dem PATHOS theater und der M\u00fcnchner Co-Kuratorin - Drag-K\u00fcnstlerin Ruby Tuesday - hat\u00a0<em>go drag!\u00a0<\/em>2024 eine Heimat in M\u00fcnchen gefunden. Auch 2026 werden wieder Theaterst\u00fccke und Cabaret-Shows, Vortr\u00e4ge, Workshops, Parties und Diskussionen mit lokalen und internationalen K\u00fcnstler*innen angeboten.<\/p><p>[\/et_pb_text][\/et_pb_column][\/et_pb_row][et_pb_row _builder_version=\"4.27.4\" _module_preset=\"default\" background_color=\"#FFFFFF\" custom_margin=\"-40px|auto|88px|auto|false|false\" custom_padding=\"|5px||5px|false|false\" box_shadow_style=\"preset2\" global_colors_info=\"{}\"][et_pb_column type=\"4_4\" _builder_version=\"4.27.4\" _module_preset=\"default\" global_colors_info=\"{}\"][et_pb_text _builder_version=\"4.27.5\" _module_preset=\"default\" text_text_color=\"#222222\" text_font_size=\"17px\" text_orientation=\"justified\" custom_padding=\"|5px||5px|false|false\" hover_enabled=\"0\" text_font_size_tablet=\"17px\" text_font_size_phone=\"15px\" text_font_size_last_edited=\"on|phone\" global_colors_info=\"{}\" sticky_enabled=\"0\"]<\/p><p>Cynthia war ein Model, ein New Yorker It-Girl und eine Ber\u00fchmtheit der 1930er Jahre. Sie k\u00fcrte das Cover von <em>Life Magazine<\/em>, hatte einen offiziellen Fanclub, wurde von Paparazzi verfolgt und bekam von den exklusivsten Marken Kleidung und Juwelen zugesandt. Im Gegensatz zu anderen Ber\u00fchmtheiten ihrer Zeit wurde sie allerdings am Ende ihres Tages in Teile zerlegt und in schwarze Seidens\u00e4cke verstaut - Cynthia war eine Schaufensterpuppe. Schaufensterdesigner Lester Gaba, verk\u00f6rpert durch Drag King Alexander Cameltoe, war ihr Sch\u00f6pfer, st\u00e4ndiger Begleiter und Manager. Er begleitete sie zu Dinnerclubs, Theaterpremieren und Modenschauen, performte ihre Pers\u00f6nlichkeit f\u00fcr ihre begeisterten Bewunderer*innen und beantwortete ihre Fanpost.<\/p><p>[\/et_pb_text][\/et_pb_column][\/et_pb_row][et_pb_row _builder_version=\"4.27.4\" _module_preset=\"default\" background_color=\"#FFFFFF\" min_height=\"169.9px\" custom_margin=\"-40px|auto|63px|auto|false|false\" custom_padding=\"|10px|0px|10px|false|false\" box_shadow_style=\"preset2\" global_colors_info=\"{}\"][et_pb_column type=\"4_4\" _builder_version=\"4.27.4\" _module_preset=\"default\" global_colors_info=\"{}\"][et_pb_heading title=\"Mitwirkende\" _builder_version=\"4.27.4\" _module_preset=\"default\" title_font=\"Bebas Neue||||||||\" title_font_size_tablet=\"\" title_font_size_phone=\"24px\" title_font_size_last_edited=\"on|phone\" global_colors_info=\"{}\"][\/et_pb_heading][et_pb_text _builder_version=\"4.27.5\" _module_preset=\"default\" text_text_color=\"#222222\" text_font_size=\"16px\" hover_enabled=\"0\" text_font_size_tablet=\"16px\" text_font_size_phone=\"14px\" text_font_size_last_edited=\"on|phone\" global_colors_info=\"{}\" sticky_enabled=\"0\"]<\/p><p><strong>Ensemble<\/strong> Alexander Cameltoe | <strong>Puppeteering<\/strong> Monica Lerch, Sabina Moe & ama heredia |<strong> Idee und Text <\/strong>Zoe Lohmann (aka Alexander Cameltoe) | <strong>Sound Design<\/strong> Emilija Fijalkauskaite | <strong>Produktion<\/strong> Zoe Lohmann & ama heredia | <strong>Co-Produktion<\/strong> English Theater Berlin | <strong>Produktionsmanagement<\/strong> ama heredia<\/p><p>[\/et_pb_text][\/et_pb_column][\/et_pb_row][et_pb_row _builder_version=\"4.27.4\" _module_preset=\"default\" background_color=\"#FFFFFF\" custom_margin=\"-40px|auto|-11px|auto|false|false\" custom_padding=\"|10px||10px|false|false\" box_shadow_style=\"preset2\" global_colors_info=\"{}\"][et_pb_column type=\"4_4\" _builder_version=\"4.27.4\" _module_preset=\"default\" global_colors_info=\"{}\"][et_pb_heading title=\"F\u00d6rder*innen\" _builder_version=\"4.27.5\" _module_preset=\"default\" title_font=\"Bebas Neue||||||||\" hover_enabled=\"0\" title_font_size_tablet=\"\" title_font_size_phone=\"24px\" title_font_size_last_edited=\"on|phone\" global_colors_info=\"{}\" sticky_enabled=\"0\"][\/et_pb_heading][et_pb_text _builder_version=\"4.27.5\" _module_preset=\"default\" text_text_color=\"#222222\" text_font_size=\"16px\" hover_enabled=\"0\" text_font_size_tablet=\"16px\" text_font_size_phone=\"14px\" text_font_size_last_edited=\"on|phone\" global_colors_info=\"{}\" sticky_enabled=\"0\"]<\/p><p><strong>godrag! munich 2026 wird gef\u00f6rdert<\/strong>\u00a0durch das Kulturreferat der Landeshauptstadt M\u00fcnchen, Gasteig M\u00fcnchen, das NATIONALE PERFORMANCE NETZ Gastspielf\u00f6rderung Theater, gef\u00f6rdert von dem Beauftragten der Bundesregierung f\u00fcr Kultur und Medien sowie den Kultur- und Kunstministerien der L\u00e4nder.<\/p><p>[\/et_pb_text][\/et_pb_column][\/et_pb_row][\/et_pb_section]<\/p>","_et_gb_content_width":"","_tribe_events_status":"","_tribe_events_status_reason":"","_tribe_events_is_hybrid":"","_tribe_events_is_virtual":"","_tribe_events_virtual_video_source":"","_tribe_events_virtual_embed_video":"","_tribe_events_virtual_linked_button_text":"","_tribe_events_virtual_linked_button":"","_tribe_events_virtual_show_embed_at":"","_tribe_events_virtual_show_embed_to":[],"_tribe_events_virtual_show_on_event":"","_tribe_events_virtual_show_on_views":"","_tribe_events_virtual_url":"","footnotes":""},"tags":[],"tribe_events_cat":[],"class_list":["post-8206","tribe_events","type-tribe_events","status-publish","has-post-thumbnail","hentry"],"_links":{"self":[{"href":"https:\/\/schwerereiter.de\/index.php?rest_route=\/wp\/v2\/tribe_events\/8206","targetHints":{"allow":["GET"]}}],"collection":[{"href":"https:\/\/schwerereiter.de\/index.php?rest_route=\/wp\/v2\/tribe_events"}],"about":[{"href":"https:\/\/schwerereiter.de\/index.php?rest_route=\/wp\/v2\/types\/tribe_events"}],"author":[{"embeddable":true,"href":"https:\/\/schwerereiter.de\/index.php?rest_route=\/wp\/v2\/users\/4"}],"version-history":[{"count":6,"href":"https:\/\/schwerereiter.de\/index.php?rest_route=\/wp\/v2\/tribe_events\/8206\/revisions"}],"predecessor-version":[{"id":8373,"href":"https:\/\/schwerereiter.de\/index.php?rest_route=\/wp\/v2\/tribe_events\/8206\/revisions\/8373"}],"wp:featuredmedia":[{"embeddable":true,"href":"https:\/\/schwerereiter.de\/index.php?rest_route=\/wp\/v2\/media\/8210"}],"wp:attachment":[{"href":"https:\/\/schwerereiter.de\/index.php?rest_route=%2Fwp%2Fv2%2Fmedia&parent=8206"}],"wp:term":[{"taxonomy":"post_tag","embeddable":true,"href":"https:\/\/schwerereiter.de\/index.php?rest_route=%2Fwp%2Fv2%2Ftags&post=8206"},{"taxonomy":"tribe_events_cat","embeddable":true,"href":"https:\/\/schwerereiter.de\/index.php?rest_route=%2Fwp%2Fv2%2Ftribe_events_cat&post=8206"}],"curies":[{"name":"wp","href":"https:\/\/api.w.org\/{rel}","templated":true}]}}